{"id":159,"date":"2020-02-22T22:51:07","date_gmt":"2020-02-22T20:51:07","guid":{"rendered":"http:\/\/www.taljansuku.com\/tss\/?page_id=159"},"modified":"2023-09-18T07:24:29","modified_gmt":"2023-09-18T05:24:29","slug":"ajankohtaista","status":"publish","type":"page","link":"http:\/\/www.taljansuku.com\/tss\/ajankohtaista\/","title":{"rendered":"Ajankohtaista"},"content":{"rendered":"\n<h4>Taljan sukuseura<\/h4>\n\n\n\n<figure class=\"wp-block-table\"><table><tbody><tr><th class=\"has-text-align-left\" data-align=\"left\"><strong>Aika<\/strong><\/th><th class=\"has-text-align-left\" data-align=\"left\"><strong>Tapahtuma<\/strong><\/th><th class=\"has-text-align-left\" data-align=\"left\"><strong>Paikka<\/strong><\/th><\/tr><tr><td class=\"has-text-align-left\" data-align=\"left\">Lauantai 14.10.2023 klo 13:00<\/td><td class=\"has-text-align-left\" data-align=\"left\">Vuosikokous 2023<\/td><td class=\"has-text-align-left\" data-align=\"left\">Lahden visuaalisten taiteiden museo Malva, P\u00e4ij\u00e4nteenkatu 9, Lahti<\/td><\/tr><tr><td class=\"has-text-align-left\" data-align=\"left\"><\/td><td class=\"has-text-align-left\" data-align=\"left\"><\/td><td class=\"has-text-align-left\" data-align=\"left\"><\/td><\/tr><\/tbody><\/table><\/figure>\n\n\n\n<p>Lue my\u00f6s <a rel=\"noreferrer noopener\" aria-label=\"j\u00e4senkirjeet (avautuu uudessa v\u00e4lilehdess\u00e4)\" href=\"http:\/\/www.taljansuku.com\/tss\/sukuseura\/jasenkirjeet\/\" target=\"_blank\">j\u00e4senkirjeet<\/a>!<\/p>\n\n\n\n<h4>Pit\u00e4j\u00e4seurat<\/h4>\n\n\n\n<figure class=\"wp-block-table\"><table><tbody><tr><th class=\"has-text-align-left\" data-align=\"left\"><strong>Aika<\/strong><\/th><th class=\"has-text-align-left\" data-align=\"left\"><strong>Tapahtuma<\/strong><\/th><th class=\"has-text-align-left\" data-align=\"left\"><strong>Lis\u00e4tietoja<\/strong><\/th><\/tr><tr><td class=\"has-text-align-left\" data-align=\"left\"><\/td><td class=\"has-text-align-left\" data-align=\"left\"><\/td><td class=\"has-text-align-left\" data-align=\"left\"><\/td><\/tr><tr><td class=\"has-text-align-left\" data-align=\"left\"><\/td><td class=\"has-text-align-left\" data-align=\"left\"><\/td><td class=\"has-text-align-left\" data-align=\"left\"><\/td><\/tr><\/tbody><\/table><\/figure>\n\n\n\n<h4>Sukuseurat<\/h4>\n\n\n\n<p>L\u00e4hell\u00e4 asuneiden sukujen ajankohtaisia asioita ja vuosisuunnitelmia p\u00e4\u00e4set katsomaan heid\u00e4n sivuiltaan:<\/p>\n\n\n\n<ul><li><a href=\"http:\/\/www.jantusensukuseura.fi\/\" target=\"_blank\" rel=\"noreferrer noopener\">Jantusen sukuseura<\/a><\/li><li><a href=\"https:\/\/www.virolaisensukuseura.fi\/\" target=\"_blank\" rel=\"noreferrer noopener\">Virolaisen sukuseura<\/a><\/li><\/ul>\n\n\n\n<h4>Karjalaisten Sukuyhteis\u00f6jen Liitto<\/h4>\n\n\n\n<figure class=\"wp-block-table\"><table><tbody><tr><th>Aika<\/th><th>Tapahtuma<\/th><th>Lis\u00e4tietoja<\/th><\/tr><tr><td><\/td><td><\/td><td><\/td><\/tr><tr><td><\/td><td><\/td><td><\/td><\/tr><tr><td><\/td><td><\/td><td><\/td><\/tr><tr><td><\/td><td><\/td><td><\/td><\/tr><tr><td><\/td><td><\/td><td><\/td><\/tr><tr><td><\/td><td><\/td><td><\/td><\/tr><\/tbody><\/table><\/figure>\n\n\n\n<p>Karjalaisten Sukuyhteis\u00f6jen Liiton  tapahtumat l\u00f6ytyv\u00e4t sivulta <a rel=\"noreferrer noopener\" aria-label=\"Sukujen tapahtumat (avautuu uudessa v\u00e4lilehdess\u00e4)\" href=\"https:\/\/www.karjalanliitto.fi\/karjalan-liitto\/jasenyhteisot\/piiri-ja-liittoyhdistykset\/karjalaisten-sukuyhteisojen-liitto-ry\/tapahtumat.html\" target=\"_blank\">Sukujen tapahtumat<\/a>.<\/p>\n\n\n\n<p>Karjalaisten Sukuyhteis\u00f6jen Liiton sukututkimukseen liittyen on ty\u00f6stetty n. 13 min esittelyvideo. Videon on koostanut ja toteuttanut Taljan sukuseuran puheenjohtaja Risto Talja KSYL:n hallituksen j\u00e4senen\u00e4. Video l\u00f6ytyy YouTube:sta oheisesta <a rel=\"noreferrer noopener\" href=\"https:\/\/youtu.be\/6ajkwlGVGD8\" data-type=\"URL\" data-id=\"https:\/\/youtu.be\/6ajkwlGVGD8\" target=\"_blank\">linkist\u00e4<\/a>.<\/p>\n\n\n\n<h4>Muut tapahtumat<\/h4>\n\n\n\n<figure class=\"wp-block-table\"><table><tbody><tr><th class=\"has-text-align-left\" data-align=\"left\"><strong>Aika<\/strong><\/th><th class=\"has-text-align-left\" data-align=\"left\"><strong>Tapahtuma<\/strong><\/th><th class=\"has-text-align-left\" data-align=\"left\"><strong>Lis\u00e4tietoja<\/strong><\/th><\/tr><tr><td class=\"has-text-align-left\" data-align=\"left\"><\/td><td class=\"has-text-align-left\" data-align=\"left\"><\/td><td class=\"has-text-align-left\" data-align=\"left\"><\/td><\/tr><\/tbody><\/table><\/figure>\n\n\n\n<h4>Karjalan Liitto<\/h4>\n\n\n\n<p><strong>Karjalan Liiton<\/strong> tahtumakalenteriin p\u00e4\u00e4set <a rel=\"noreferrer noopener\" href=\"https:\/\/www.karjalanliitto.fi\/tapahtumat.html\" target=\"_blank\">t\u00e4st\u00e4 linkist\u00e4<\/a>.<\/p>\n","protected":false},"excerpt":{"rendered":"<p>Taljan sukuseura Aika Tapahtuma Paikka Lauantai 14.10.2023 klo 13:00 Vuosikokous 2023 Lahden visuaalisten taiteiden museo Malva, P\u00e4ij\u00e4nteenkatu 9, Lahti Lue my\u00f6s j\u00e4senkirjeet! Pit\u00e4j\u00e4seurat Aika Tapahtuma Lis\u00e4tietoja Sukuseurat L\u00e4hell\u00e4 asuneiden sukujen ajankohtaisia asioita ja vuosisuunnitelmia p\u00e4\u00e4set katsomaan heid\u00e4n sivuiltaan: Jantusen sukuseura Virolaisen sukuseura Karjalaisten Sukuyhteis\u00f6jen Liitto Aika Tapahtuma Lis\u00e4tietoja Karjalaisten Sukuyhteis\u00f6jen Liiton tapahtumat l\u00f6ytyv\u00e4t sivulta Sukujen [&hellip;]<\/p>\n","protected":false},"author":2,"featured_media":0,"parent":0,"menu_order":5,"comment_status":"closed","ping_status":"closed","template":"","meta":[],"_links":{"self":[{"href":"http:\/\/www.taljansuku.com\/tss\/wp-json\/wp\/v2\/pages\/159"}],"collection":[{"href":"http:\/\/www.taljansuku.com\/tss\/wp-json\/wp\/v2\/pages"}],"about":[{"href":"http:\/\/www.taljansuku.com\/tss\/wp-json\/wp\/v2\/types\/page"}],"author":[{"embeddable":true,"href":"http:\/\/www.taljansuku.com\/tss\/wp-json\/wp\/v2\/users\/2"}],"replies":[{"embeddable":true,"href":"http:\/\/www.taljansuku.com\/tss\/wp-json\/wp\/v2\/comments?post=159"}],"version-history":[{"count":47,"href":"http:\/\/www.taljansuku.com\/tss\/wp-json\/wp\/v2\/pages\/159\/revisions"}],"predecessor-version":[{"id":1027,"href":"http:\/\/www.taljansuku.com\/tss\/wp-json\/wp\/v2\/pages\/159\/revisions\/1027"}],"wp:attachment":[{"href":"http:\/\/www.taljansuku.com\/tss\/wp-json\/wp\/v2\/media?parent=159"}],"curies":[{"name":"wp","href":"https:\/\/api.w.org\/{rel}","templated":true}]}}