{"id":195,"date":"2020-02-23T19:01:41","date_gmt":"2020-02-23T19:01:41","guid":{"rendered":"http:\/\/www.taljansuku.com\/tss\/?page_id=195"},"modified":"2020-03-19T20:16:31","modified_gmt":"2020-03-19T18:16:31","slug":"jasenkirje-helmikuu-2020","status":"publish","type":"page","link":"http:\/\/www.taljansuku.com\/tss\/sukuseura\/jasenkirjeet\/jasenkirje-helmikuu-2020\/","title":{"rendered":"J\u00e4senkirje &#8211; Helmikuu 2020"},"content":{"rendered":"\n<h2>Hei Taljan suvun j\u00e4sen!<\/h2>\n\n\n\n<h4><s>VUOSIKOKOUS 2020 JA TIETOISKU DNA-SUKUTUTKIMUKSESTA<\/s><\/h4>\n\n\n\n<p><s>Taljan sukuseuran vuosikokous j\u00e4rjestet\u00e4\u00e4n sunnuntaina 19.4.2020 klo 13:00 Vierum\u00e4en Matka-keitaalla. Vuosikokouksen yhteydess\u00e4 saamme my\u00f6s tietoa DNA-sukututkimuksesta luennoit-sijana Erkki Kiuru Lahden seudun sukututkijat ry:st\u00e4. Liitteen\u00e4 kokouskutsu, jossa lis\u00e4tietoa.<\/s> <strong>SIIRRETTY KES\u00c4TAPAAMISEN YHTEYTEEN la 29.8.2020!!<\/strong><\/p>\n\n\n\n<h4>SUKUSEURAN KES\u00c4TAPAAMINEN<\/h4>\n\n\n\n<p>Sukuseuramme kes\u00e4tapaaminen j\u00e4rjestet\u00e4\u00e4n t\u00e4n\u00e4 vuonna la 29.8.2020 Vuolenkoskella Heinolassa. Tapaamisen ensisijainen tarkoitus on tutustua toisiimme ja vaihtaa kuulumisia. Ja ehk\u00e4p\u00e4 keksimme my\u00f6s jotakin leikkimielist\u00e4 kisailua ja tietovisaa sukuumme liittyen \ud83d\ude09. Kutsu ja lis\u00e4tietoa t\u00e4st\u00e4 kes\u00e4kuussa.<\/p>\n\n\n\n<h4>MUUT VUODEN 2020 TAPAHTUMAT<\/h4>\n\n\n\n<p>T\u00e4n\u00e4 vuonna emme sukuseurana l\u00e4hde kotiseutumatkalle Kannakselle Vuoksenrantaan, mutta ensi vuonna j\u00e4rjest\u00e4mme taas oman sukuseuran kotiseutumatkan.<\/p>\n\n\n\n<p>Vuoksenranta-seura ry j\u00e4rjest\u00e4\u00e4 perinteisen talkoomatkan Vuoksenrantaan 21.-23.5.2020. Lis\u00e4tietoa t\u00e4st\u00e4 <a rel=\"noreferrer noopener\" aria-label=\"Vuoksenranta-seuran sivuilta (avautuu uudessa v\u00e4lilehdess\u00e4)\" href=\"https:\/\/www.vuoksenranta.fi\/\" target=\"_blank\">Vuoksenranta-seuran sivuilta<\/a>. Lis\u00e4ksi Vuoksenranta-seura on j\u00e4rjest\u00e4m\u00e4ss\u00e4 syksyll\u00e4 j\u00e4senmatkan Pietariin tervehtim\u00e4\u00e4n Vuoksenrannan Kankaalan kirkon kelloja.<\/p>\n\n\n\n<p>80-vuotiasta Karjalan liittoa juhlistetaan Karjalaisilla kes\u00e4juhlilla 12.\u201314.6.2020 Helsingiss\u00e4. P\u00e4\u00e4tapahtumat ovat Finlandia-talossa, mutta ohjelmaa on my\u00f6s Karjalatalossa K\u00e4pyl\u00e4ss\u00e4. Kulkue l\u00e4htee Senaatintorilta ja hengelliset tilaisuudet ovat Tuomiokirkossa, Temppeliaukion kirkossa ja Uspenskin katedraalissa. Lis\u00e4tietoa Karjalan kunnaat -j\u00e4senlehdess\u00e4 ja <a rel=\"noreferrer noopener\" aria-label=\"Karjalan Liiton sivuilta (avautuu uudessa v\u00e4lilehdess\u00e4)\" href=\"https:\/\/www.karjalanliitto.fi\" target=\"_blank\">Karjalan Liiton sivuilta<\/a>.<\/p>\n\n\n\n<h4>J\u00c4SENMAKSU 2020<\/h4>\n\n\n\n<p>Vuoden 2020 j\u00e4senmaksuksi p\u00e4\u00e4tettiin edellisess\u00e4 vuosikokouksessa 20,- \u20ac\/henkil\u00f6. Halutessanne voitte maksaa my\u00f6s Karjalan liitto ry:n j\u00e4senmaksun sukuseuralle ja tilit\u00e4mme j\u00e4senmaksun edelleen Karjalan liitolle. Mik\u00e4li maksatte useamman henkil\u00f6n j\u00e4senmaksun ja\/tai Karjalan liiton maksun, pyyd\u00e4mme ep\u00e4selvyyksien v\u00e4ltt\u00e4miseksi kirjoittamaan maksun viestikentt\u00e4\u00e4n mit\u00e4 maksatte. Liitteen\u00e4 lasku j\u00e4senmaksun maksamiseksi.<\/p>\n\n\n\n<h4>SUKUSEURAN J\u00c4SENET JA J\u00c4SENKIRJE<\/h4>\n\n\n\n<p>Sukuseuran hallitus p\u00e4\u00e4tti kokouksessaan 15.2.2020, ett\u00e4 jatkossa postitamme j\u00e4sen-kirjeemme vain sukuseuran j\u00e4senmaksua maksaville Taljan suvun j\u00e4senille. S\u00e4hk\u00f6postitse l\u00e4het\u00e4mme kuitenkin mielell\u00e4mme j\u00e4senkirjeemme kaikille sukumme j\u00e4senille. S\u00e4hk\u00f6postitus-listallemme p\u00e4\u00e4set ilmoittamalla s\u00e4hk\u00f6postisi sukuseuran sihteerille taljatia@gmail.com. Lis\u00e4ksi tavoitat meid\u00e4t Facebookissa, ryhm\u00e4 l\u00f6ytyy Facebookista nimell\u00e4 Taljan sukuseura ry.<\/p>\n\n\n\n<p class=\"has-medium-font-size\"><strong>Tapaamisiin yhteisiss\u00e4 tapahtumissamme ja hyv\u00e4\u00e4 talven jatkoa!<\/strong><\/p>\n\n\n\n<p>Sukuseuran hallitus<\/p>\n","protected":false},"excerpt":{"rendered":"<p>Hei Taljan suvun j\u00e4sen! VUOSIKOKOUS 2020 JA TIETOISKU DNA-SUKUTUTKIMUKSESTA Taljan sukuseuran vuosikokous j\u00e4rjestet\u00e4\u00e4n sunnuntaina 19.4.2020 klo 13:00 Vierum\u00e4en Matka-keitaalla. Vuosikokouksen yhteydess\u00e4 saamme my\u00f6s tietoa DNA-sukututkimuksesta luennoit-sijana Erkki Kiuru Lahden seudun sukututkijat ry:st\u00e4. Liitteen\u00e4 kokouskutsu, jossa lis\u00e4tietoa. SIIRRETTY KES\u00c4TAPAAMISEN YHTEYTEEN la 29.8.2020!! SUKUSEURAN KES\u00c4TAPAAMINEN Sukuseuramme kes\u00e4tapaaminen j\u00e4rjestet\u00e4\u00e4n t\u00e4n\u00e4 vuonna la 29.8.2020 Vuolenkoskella Heinolassa. Tapaamisen ensisijainen tarkoitus [&hellip;]<\/p>\n","protected":false},"author":2,"featured_media":0,"parent":191,"menu_order":1,"comment_status":"closed","ping_status":"closed","template":"","meta":[],"_links":{"self":[{"href":"http:\/\/www.taljansuku.com\/tss\/wp-json\/wp\/v2\/pages\/195"}],"collection":[{"href":"http:\/\/www.taljansuku.com\/tss\/wp-json\/wp\/v2\/pages"}],"about":[{"href":"http:\/\/www.taljansuku.com\/tss\/wp-json\/wp\/v2\/types\/page"}],"author":[{"embeddable":true,"href":"http:\/\/www.taljansuku.com\/tss\/wp-json\/wp\/v2\/users\/2"}],"replies":[{"embeddable":true,"href":"http:\/\/www.taljansuku.com\/tss\/wp-json\/wp\/v2\/comments?post=195"}],"version-history":[{"count":5,"href":"http:\/\/www.taljansuku.com\/tss\/wp-json\/wp\/v2\/pages\/195\/revisions"}],"predecessor-version":[{"id":576,"href":"http:\/\/www.taljansuku.com\/tss\/wp-json\/wp\/v2\/pages\/195\/revisions\/576"}],"up":[{"embeddable":true,"href":"http:\/\/www.taljansuku.com\/tss\/wp-json\/wp\/v2\/pages\/191"}],"wp:attachment":[{"href":"http:\/\/www.taljansuku.com\/tss\/wp-json\/wp\/v2\/media?parent=195"}],"curies":[{"name":"wp","href":"https:\/\/api.w.org\/{rel}","templated":true}]}}