{"id":213,"date":"2020-02-23T21:35:08","date_gmt":"2020-02-23T21:35:08","guid":{"rendered":"http:\/\/www.taljansuku.com\/tss\/?page_id=213"},"modified":"2020-02-29T16:58:41","modified_gmt":"2020-02-29T16:58:41","slug":"taljan-sukuseura-kannaksella-2018","status":"publish","type":"page","link":"http:\/\/www.taljansuku.com\/tss\/sukuseura\/sukuseuran-vaiheita\/taljan-sukuseura-kannaksella-2018\/","title":{"rendered":"Kannaksella 2018"},"content":{"rendered":"\n<p class=\"has-small-font-size\"><em>Risto Talja 10.10.2018<\/em><\/p>\n\n\n\n<p>Seison Alatalon pihalla Vuoksenrannan Taljalassa ja kuvittelen,\nmillaista el\u00e4m\u00e4 oli 80 &#8211; 90 vuotta sitten is\u00e4ni poikavuosina. Lapsuudessani ja\nnuoruudessani kuulemiani tarinoita palaa mieleeni ja yrit\u00e4n sijoitella niit\u00e4 ymp\u00e4rist\u00f6\u00f6n.\nPihapiiriss\u00e4 vastap\u00e4\u00e4t\u00e4 taloa on navetta, josta on j\u00e4ljell\u00e4 kivest\u00e4 tehty\nalakerta. Talosta muistuttaa kivijalka ja valettu, sammalen peitt\u00e4m\u00e4 laatta.\nPihan reunustoilla olleista aitoista ei ole en\u00e4\u00e4 mit\u00e4\u00e4n j\u00e4ljell\u00e4. Ruusupensaat\novat vallanneet hyv\u00e4n osan pihaa ja muutenkin kasvusto on rehev\u00e4\u00e4. Kes\u00e4kuun\nalkuun n\u00e4hden viinimarjan raakileet ovat suuria. Kaikkialla n\u00e4kee, ett\u00e4\nKannaksella maaper\u00e4 on viljavaa ja s\u00e4\u00e4t suotuisat kasvulle.<\/p>\n\n\n\n<p>Meit\u00e4 Taljan sukuseuran matkalaisia oli 24 henkil\u00f6\u00e4 eri\npuolelta Suomea. L\u00e4hdimme Lahdesta aikaisin lauantaina 9.6.2018. Suuntasimme\nImatralle ja rajan yli Ensoon. Rahanvaihtopys\u00e4hdyksen j\u00e4lkeen matka jatkui\nVuoksenrannan kirkolle. Siell\u00e4 meit\u00e4 odotti paikallinen bussi, jolla jatkoimme\nKaskisel\u00e4n suuntaan Taljalan kyl\u00e4\u00e4n. Paikallinen kyyti on v\u00e4ltt\u00e4m\u00e4t\u00f6n, koska Vuoksenrannan\nkirkon j\u00e4lkeen tie muuttuu suomalaisille busseille kulkukelvottomaksi.<\/p>\n\n\n\n<p>Vaikka etuk\u00e4teen opiskelinkin reitin huolella, tunsin kohtuullista j\u00e4nnitytyst\u00e4, kun <strong>Tarvo Taljan<\/strong> kanssa pys\u00e4ytimme bussin keskelle mets\u00e4\u00e4, viittoilimme kohti sankkaa risukkoa ja kerroimme polun alkavan t\u00e4st\u00e4. En ehtinyt tien penkkaa kauemmaksi, kun ensimm\u00e4iset jo ilmoittivat polun l\u00f6ytyneen! Edellisest\u00e4 k\u00e4ynnist\u00e4ni oli kulunut 28 vuotta ja ryhm\u00e4n j\u00e4senten viimeisimm\u00e4tkin k\u00e4ynnit olivat tapahtuneet 90-luvun puoliv\u00e4liss\u00e4. Noista p\u00e4ivist\u00e4 maisemat ovat muuttuneet. Toisaalta nykyinen tietotekniikka tarjoaa ty\u00f6kaluja maaston tutkimiseen etuk\u00e4teen. Muutamalla klikkauksella saa eteens\u00e4 alueen karttoja ja valokuvia. Satellittikuvia aikani katseltuani, l\u00f6ysin niist\u00e4 mm. is\u00e4ni kotitalon kivijalan. Liikuin alueella kuin olisin ollut siell\u00e4 useamminkin.<\/p>\n\n\n\n<p>Jatkoimme matkaa Alatalosta Rajam\u00e4keen. Sielt\u00e4 meit\u00e4 l\u00e4hti\npienempi ryhm\u00e4 kiert\u00e4m\u00e4\u00e4n Taljalan kyl\u00e4n peltoaukean, osa palasi bussille. Rajam\u00e4est\u00e4\nk\u00e4velimme kyl\u00e4tien pohjaa pitkin Yll\u00f6l\u00e4\u00e4n ja edelleen hevosistaan kuulun Sokan\ntalon pihapiiriin. Sen navettarakennuksen ikkunasta l\u00f6ytyi viel\u00e4 vanha puukehikko.\nSet\u00e4-Mattilan kivikellari oli paikoillaan, sen sijaan heid\u00e4n jykev\u00e4n\nkivinavetan kivet oli siirretty muualle. Edellisell\u00e4 k\u00e4ynnill\u00e4ni se seisoi\nmaamerkkin\u00e4. Varvan pihalla myllyn kivi oli paikoillaan ja kaivo l\u00e4hes\nk\u00e4ytt\u00f6kuntoinen. &nbsp;Jatkoimme matkaa\nOravakyd\u00f6n tienhaaraan, johon muut matkalaiset olivat jo tulleet bussilla.\nPikainen k\u00e4ynti Leiposiinm\u00e4en hautausmaalla ja oli aika l\u00e4hte\u00e4 takaisin.<\/p>\n\n\n\n<p>Kaikkia haluamiani kohteita emme ehtineet k\u00e4yd\u00e4 katsomassa.\nMy\u00f6sk\u00e4\u00e4n kaikkia pihapiirej\u00e4 emme etsimisest\u00e4 huolimatta l\u00f6yt\u00e4neet. Taljalan\nkyl\u00e4n alueita k\u00e4ytet\u00e4\u00e4n nyky\u00e4\u00e4n mets\u00e4stykseen. Tien varrella t\u00e4st\u00e4 merkkin\u00e4 on\nmets\u00e4styslavoja. Riistakannasta matkalla n\u00e4imme villisikapoikueen ja perill\u00e4\nhirvi\u00e4. Paluumatkalla Antreassa yritimme k\u00e4yd\u00e4 Iivolassa, mutta isolla bussilla\nsinne ei p\u00e4\u00e4sty. Matka jatkui Viipuriin, jossa y\u00f6vyimme ja seuraavan aamup\u00e4iv\u00e4n\nkatselimme kaupunkia. <\/p>\n\n\n\n<p>Suuret kiitokset sukuseuran matkavastaavalle <strong>Heli Talja-Salolle<\/strong> j\u00e4rjestelyist\u00e4. Kiitokset my\u00f6s kuljettajallemme Sergeille, joka ven\u00e4j\u00e4n kielen taitoisena sujuvoitti asiointiamme huomattavasti. Kiitos kaikille mukana olleille erinomaisesti onnistuneesta matkasta! Harvemmin tulee ajateltua, ett\u00e4 mahdollisuudet vierailla suvun kotipaikoilla ovat pitk\u00e4j\u00e4nteisen ja m\u00e4\u00e4r\u00e4tietoisen ty\u00f6n tulosta. Ilman toimivia suhteita ven\u00e4l\u00e4isiin viranomaisiin, matkat ja mm. hautausmaiden kunnostus ei nykymuodossaan v\u00e4ltt\u00e4m\u00e4tt\u00e4 olisi mahdollista. T\u00e4st\u00e4 saamme kiitt\u00e4\u00e4 osaltaan Karjalan liittoa ja sen piiriss\u00e4 ty\u00f6skentelevi\u00e4 henkil\u00f6it\u00e4. <\/p>\n\n\n\n<p class=\"has-small-font-size\"><em>Artikkeli on julkaistu pienin muutoksin Karjalan Liiton lehdess\u00e4 <a rel=\"noreferrer noopener\" aria-label=\"Joulukannel 2018 (avautuu uudessa v\u00e4lilehdess\u00e4)\" href=\"https:\/\/www.karjalanliitto.fi\/viestinta\/ajankohtaista\/joulukannel-on-ilmestynyt.html\" target=\"_blank\"><strong>Joulukannel 201<\/strong>8<\/a> (Karjalan Kunnaat), sivut 18 &#8211; 19.<\/em><\/p>\n","protected":false},"excerpt":{"rendered":"<p>Risto Talja 10.10.2018 Seison Alatalon pihalla Vuoksenrannan Taljalassa ja kuvittelen, millaista el\u00e4m\u00e4 oli 80 &#8211; 90 vuotta sitten is\u00e4ni poikavuosina. Lapsuudessani ja nuoruudessani kuulemiani tarinoita palaa mieleeni ja yrit\u00e4n sijoitella niit\u00e4 ymp\u00e4rist\u00f6\u00f6n. Pihapiiriss\u00e4 vastap\u00e4\u00e4t\u00e4 taloa on navetta, josta on j\u00e4ljell\u00e4 kivest\u00e4 tehty alakerta. Talosta muistuttaa kivijalka ja valettu, sammalen peitt\u00e4m\u00e4 laatta. Pihan reunustoilla olleista aitoista [&hellip;]<\/p>\n","protected":false},"author":2,"featured_media":0,"parent":43,"menu_order":0,"comment_status":"closed","ping_status":"closed","template":"","meta":[],"_links":{"self":[{"href":"http:\/\/www.taljansuku.com\/tss\/wp-json\/wp\/v2\/pages\/213"}],"collection":[{"href":"http:\/\/www.taljansuku.com\/tss\/wp-json\/wp\/v2\/pages"}],"about":[{"href":"http:\/\/www.taljansuku.com\/tss\/wp-json\/wp\/v2\/types\/page"}],"author":[{"embeddable":true,"href":"http:\/\/www.taljansuku.com\/tss\/wp-json\/wp\/v2\/users\/2"}],"replies":[{"embeddable":true,"href":"http:\/\/www.taljansuku.com\/tss\/wp-json\/wp\/v2\/comments?post=213"}],"version-history":[{"count":6,"href":"http:\/\/www.taljansuku.com\/tss\/wp-json\/wp\/v2\/pages\/213\/revisions"}],"predecessor-version":[{"id":301,"href":"http:\/\/www.taljansuku.com\/tss\/wp-json\/wp\/v2\/pages\/213\/revisions\/301"}],"up":[{"embeddable":true,"href":"http:\/\/www.taljansuku.com\/tss\/wp-json\/wp\/v2\/pages\/43"}],"wp:attachment":[{"href":"http:\/\/www.taljansuku.com\/tss\/wp-json\/wp\/v2\/media?parent=213"}],"curies":[{"name":"wp","href":"https:\/\/api.w.org\/{rel}","templated":true}]}}