{"id":43,"date":"2020-02-16T07:43:01","date_gmt":"2020-02-16T07:43:01","guid":{"rendered":"http:\/\/www.taljansuku.com\/tss\/?page_id=43"},"modified":"2020-03-02T08:10:18","modified_gmt":"2020-03-02T06:10:18","slug":"sukuseuran-vaiheita","status":"publish","type":"page","link":"http:\/\/www.taljansuku.com\/tss\/sukuseura\/sukuseuran-vaiheita\/","title":{"rendered":"Sukuseuran vaiheita"},"content":{"rendered":"\n<h4>Perustaminen<\/h4>\n\n\n\n<p>Sukuseuran perustava kokous pidettiin 15.7.1990 Riihim\u00e4ell\u00e4 <strong>Mattias Talja<\/strong>n kokoonkutsumana. Kokouksessa valittiin sukuneuvosto, johon nimitettiin Pentti Talja, Pauli Kiuru, Eero Talja, Risto Talja, Mattias Talja, Aino Talja, Helvi Jaaramo, Jukka Talja ja Eija Koivula. Perustamisasiakirja allekirjoitettiin 13.1.1997. Yhdistyksen kotipaikaksi tuli Asikkala. Ensimm\u00e4isen\u00e4  puheenjohtajana toimi <strong>Ky\u00f6sti Nikki <\/strong>\/1\/. <\/p>\n\n\n\n<h4>Esity\u00f6t<\/h4>\n\n\n\n<p><strong>Mattias Talja<\/strong> oli pohjustanut  sukuseuran perustamista ker\u00e4\u00e4m\u00e4ll\u00e4 suvun vaiheista ja j\u00e4senist\u00e4 laajan aineiston, jonka h\u00e4n lahjoitti sukuseuran k\u00e4ytt\u00f6\u00f6n. Mattiaksen tekem\u00e4ll\u00e4 pitk\u00e4j\u00e4nteisell\u00e4 ty\u00f6ll\u00e4 oli merkitt\u00e4v\u00e4 vaikutus sukuseuran perustamiseen.<\/p>\n\n\n\n<h4>Sukukirja<\/h4>\n\n\n\n<p>Sukuseuran suurin ponnistus on ollut <strong>Marja-Liisa Huovisen<\/strong>  toimittama  sukukirja, joka julkaistiin 22.3.2014. Julkistamistilaisuuteen varattu Karjalatalon yl\u00e4sali oli viimeist\u00e4 sijaa my\u00f6ten t\u00e4ynn\u00e4. P\u00e4\u00e4puhujaksi oli lupautunut <strong>Matti Vanhanen<\/strong> &#8211; Taljan suvun j\u00e4sen, joka on toiminut sek\u00e4 p\u00e4\u00e4ministerin\u00e4 ett\u00e4 eduskunnan puhemiehen\u00e4. Toimituskunta ansaitsee suuret kiitokset pitk\u00e4aikaisesta sitoutumisesta toimitusty\u00f6h\u00f6n &#8211; ja my\u00f6s juhlallisen julkistamistilaisuuden j\u00e4rjest\u00e4misest\u00e4!<\/p>\n\n\n\n<p>Kirjoja on viel\u00e4 muutama kappale j\u00e4ljell\u00e4! &#8211; Ottamalla yhteytt\u00e4 seuran sihteeriin, saat hankittuua oman kappaleen.<\/p>\n\n\n\n<h4>Kannaksella 2018<\/h4>\n\n\n\n<p>Kannakselle matkattiin 24 henkil\u00f6n voimin.  L\u00e4ht\u00f6 oli Lahdesta aikaisin lauantaina 9.6.2018. Matka kulki Imatran kautta  Vuoksenrannan kirkolle, josta  se jatkui Kaskisel\u00e4n suuntaan Taljalan kyl\u00e4\u00e4n paikallisella bussilla. Ensimm\u00e4inen pys\u00e4hdys oli Taljalan kyl\u00e4n pohjoisen tienhaaran kohdalla. Risukon takaa l\u00f6ytyi polku, joka vei Alataloon ja edelleen Rajam\u00e4keen. Osa matkaisista kiersi kyl\u00e4aukean metsittyneet pellot vanhaa tienpohjaa pitkin, osa palasi bussille. Ryhm\u00e4t tapasivat Oravikyd\u00f6n tienhaarassa, josta on lyhyt matka Leiposiinm\u00e4en hautausmaalle. Matka jatkui Viipuriin. Y\u00f6pymisen, kaupungin katselun ja ostosten j\u00e4lkeen palattiin kotiin. Lue <a rel=\"noreferrer noopener\" aria-label=\"Joulu Kanteleessa 2018 (avautuu uudessa v\u00e4lilehdess\u00e4)\" href=\"http:\/\/www.taljansuku.com\/tss\/sukuseura\/sukuseuran-vaiheita\/taljan-sukuseura-kannaksella-2018\/(avaa uuden v\u00e4lilehden)\" target=\"_blank\">Joulu <\/a><a rel=\"noreferrer noopener\" aria-label=\"Kanteleessa 2018 (avautuu uudessa v\u00e4lilehdess\u00e4)\" href=\"http:\/\/www.taljansuku.com\/tss\/sukuseura\/sukuseuran-vaiheita\/taljan-sukuseura-kannaksella-2018\/\" target=\"_blank\">Kanteleessa 2018<\/a> julkaistu juttu matkasta.<\/p>\n\n\n\n<p class=\"lahdeluettelo\">L\u00e4hteet:<\/p>\n\n\n\n<ol class=\"lahdeluettelo\"><li> Alasalmi Aila, Kirjassa \u201dTaljan Suku\u201d toim. Huovinen Marja-Liisa, ISBN:978-952-93-3474-2 , sivu 7. <\/li><\/ol>\n","protected":false},"excerpt":{"rendered":"<p>Perustaminen Sukuseuran perustava kokous pidettiin 15.7.1990 Riihim\u00e4ell\u00e4 Mattias Taljan kokoonkutsumana. Kokouksessa valittiin sukuneuvosto, johon nimitettiin Pentti Talja, Pauli Kiuru, Eero Talja, Risto Talja, Mattias Talja, Aino Talja, Helvi Jaaramo, Jukka Talja ja Eija Koivula. Perustamisasiakirja allekirjoitettiin 13.1.1997. Yhdistyksen kotipaikaksi tuli Asikkala. Ensimm\u00e4isen\u00e4 puheenjohtajana toimi Ky\u00f6sti Nikki \/1\/. Esity\u00f6t Mattias Talja oli pohjustanut sukuseuran perustamista ker\u00e4\u00e4m\u00e4ll\u00e4 [&hellip;]<\/p>\n","protected":false},"author":2,"featured_media":0,"parent":41,"menu_order":1,"comment_status":"closed","ping_status":"closed","template":"","meta":[],"_links":{"self":[{"href":"http:\/\/www.taljansuku.com\/tss\/wp-json\/wp\/v2\/pages\/43"}],"collection":[{"href":"http:\/\/www.taljansuku.com\/tss\/wp-json\/wp\/v2\/pages"}],"about":[{"href":"http:\/\/www.taljansuku.com\/tss\/wp-json\/wp\/v2\/types\/page"}],"author":[{"embeddable":true,"href":"http:\/\/www.taljansuku.com\/tss\/wp-json\/wp\/v2\/users\/2"}],"replies":[{"embeddable":true,"href":"http:\/\/www.taljansuku.com\/tss\/wp-json\/wp\/v2\/comments?post=43"}],"version-history":[{"count":16,"href":"http:\/\/www.taljansuku.com\/tss\/wp-json\/wp\/v2\/pages\/43\/revisions"}],"predecessor-version":[{"id":367,"href":"http:\/\/www.taljansuku.com\/tss\/wp-json\/wp\/v2\/pages\/43\/revisions\/367"}],"up":[{"embeddable":true,"href":"http:\/\/www.taljansuku.com\/tss\/wp-json\/wp\/v2\/pages\/41"}],"wp:attachment":[{"href":"http:\/\/www.taljansuku.com\/tss\/wp-json\/wp\/v2\/media?parent=43"}],"curies":[{"name":"wp","href":"https:\/\/api.w.org\/{rel}","templated":true}]}}