{"id":666,"date":"2020-06-20T14:26:01","date_gmt":"2020-06-20T12:26:01","guid":{"rendered":"http:\/\/www.taljansuku.com\/tss\/?page_id=666"},"modified":"2021-07-14T04:29:00","modified_gmt":"2021-07-14T02:29:00","slug":"vuoksenrannan-apteekista","status":"publish","type":"page","link":"http:\/\/www.taljansuku.com\/tss\/kotiseutu-karjalankannas\/vuoksenranta\/vuoksenrannan-apteekista\/","title":{"rendered":"Vuoksenrannan apteekki"},"content":{"rendered":"\n<p><strong>Lyyli Sarjanto<\/strong> <em>   <\/em><\/p>\n\n\n\n<p><em> Jukaistu l\u00e4hteess\u00e4 Luovutettu Karjala, pit\u00e4j\u00e4liitteet \u201dKARJALAN N:o 9 \u2013 1970 LIITE (4)&#8221; sivulla 5 <\/em>\/<a href=\"https:\/\/www.luovutettukarjala.fi\/pitajat\/pitajaliitteet\/antrea_vuoksenr.pdf\" target=\"_blank\" rel=\"noreferrer noopener\">1<\/a>\/<\/p>\n\n\n\n<p>Vuoksenrannan kunta oli useiden anomusten j\u00e4lkeen saanut valtioneuvostolta oikeuden perustaa pit\u00e4j\u00e4\u00e4n apteekin. V. 1937 jouluk. 2 pn\u00e4 sai apteekkihaltijakirjan proviisori Kaarlo Sarjanto, velvoituksella avata apteekki vuoden kuluessa Vuoksenrannan kirkonkyl\u00e4\u00e4n.<\/p>\n\n\n\n<p>Kun ei ollut sopivaa huoneistoa, avattiin apteekki v\u00e4liaikaisesti Hugo Kiurun talossa, l\u00e4hell\u00e4 pappilaa. Hoito oli aika vaikeaa puutteellisissa tiloissa, tavaraa oli tilattava usein ja pieni\u00e4 m\u00e4\u00e4ri\u00e4, kellaritilaa v\u00e4h\u00e4n, s\u00e4ilytys vaikeaa. Kalusto oli teetetty silm\u00e4ll\u00e4pit\u00e4en vakinaista sijoitusta, joten sis\u00e4\u00e4ntullessa n\u00e4ytti apteekki pullorivist\u00f6ineen jopa upealta.<\/p>\n\n\n\n<p>Liike oli alussa hiljaisempaa. Kun uudella kunnanl\u00e4\u00e4k\u00e4rill\u00e4 alkoi k\u00e4yd\u00e4 paljon potilaita, jopa muualtakin, reseptim\u00e4\u00e4r\u00e4 nousi ja k\u00e4sikauppa lis\u00e4\u00e4ntyi. Apteekkari hoiti apteekkia yksin, vain allekirjoittanut teknillisen\u00e4 apunaan. Usein h\u00e4n joutui y\u00f6ll\u00e4kin valmistamaan varsinkin el\u00e4inl\u00e4\u00e4kkeit\u00e4. Oli siin\u00e4 p\u00e4iv\u00e4ll\u00e4 pituutta. Asuimme pappilan yl\u00e4kerrassa huoneen ja keitti\u00f6n asunnossa, jonka kirkkoherra Arvi Pulli yst\u00e4v\u00e4llisesti luovutti k\u00e4ytt\u00f6\u00f6mme. Perhett\u00e4 oli lis\u00e4ksemme 2 lasta ja kotiapulainen.<\/p>\n\n\n\n<p>Anoessaan kuntaan apteekkia oli valtuusto sitoutunut rakentamaan talon sit\u00e4 varten. Monien neuvottelujen j\u00e4lkeen saatiin sopivat piirustukset ja kustannusarviot hyv\u00e4ksytyiksi. Syksyll\u00e4 1939 talo valmistui kirkonkyl\u00e4\u00e4n sis\u00e4lt\u00e4en apteekkihuoneiston, yksityisasunnon ja huoneen my\u00f6s farmaseutille.<\/p>\n\n\n\n<figure class=\"wp-block-pullquote\"><blockquote><p>Vuoksenrannan ensimm\u00e4iseen apteekkitaloon p\u00e4\u00e4stiin muuttamaan syksyll\u00e4 1939, kolme kuukautta my\u00f6hemmin alkoi talvisota.<\/p><\/blockquote><\/figure>\n\n\n\n<p>Apteekki oli oikein edustava uusine loimukoivukalustoineen, kaikki v\u00e4lineet parhaat mahdolliset, joten ty\u00f6sarka n\u00e4ytti lupaavalta. Asiakkaat olivat hyvin tyytyv\u00e4isi\u00e4, saivathan he nyt ostaa l\u00e4\u00e4kkeens\u00e4 omasta pit\u00e4j\u00e4st\u00e4. Siin\u00e4 tulivat autettua sek\u00e4 ihmiset ett\u00e4 el\u00e4imet, varsinkin ne komeat juoksijahevoset, joista pit\u00e4j\u00e4 oli kuuluisa.<\/p>\n\n\n\n<p>El\u00e4inl\u00e4\u00e4k\u00e4reit\u00e4 oli naapuripit\u00e4jiss\u00e4. M\u00e4\u00e4r\u00e4ykset annettiin kiireellisiss\u00e4 tapauksissa puhelimessa.<\/p>\n\n\n\n<p>N\u00e4in meni 3 kuukautta, kun syttyi talvisota 1939. Apteekkari, samoin l\u00e4\u00e4k\u00e4ri, saivat m\u00e4\u00e4r\u00e4yksen vuorokauden sis\u00e4ll\u00e4 l\u00e4hte\u00e4 sijoituspaikkoihinsa sinne jonnekin. L\u00e4\u00e4kint\u00f6hallitus l\u00e4hetti farmaseutti Anni Isolan hoitamaan toistaiseksi apteekkia. Kaksi kuukautta kului, rintama alkoi l\u00e4hesty\u00e4, tuli m\u00e4\u00e4r\u00e4ys asukkaiden ja my\u00f6s apteekin evakuoinnista. L\u00e4\u00e4kkeet siirrettiin varikkoon, kalusto j\u00e4i paikoilleen, samoin kotimme. Paikkakunnalle j\u00e4iv\u00e4t vain sotilasviranomaiset, apteekkitalo ja kotimme j\u00e4i l\u00e4hdetty\u00e4mme upseeriesikunnan ja lottien k\u00e4ytt\u00f6\u00f6n.<\/p>\n\n\n\n<p>Tuli rauha, 12. pn\u00e4 maaliskuuta 1940, saatiin j\u00e4rkytt\u00e4v\u00e4 tieto, Vuoksenranta j\u00e4i luovutetulle alueelle, sinne my\u00f6s kaunis apteekkimme ja kotimme. Sotilaat yrittiv\u00e4t pelastaa asunnostamme kaiken irtaimen, mutta apteekkikalustot j\u00e4iv\u00e4t sinne. Uudelleenluovutusvaiheessa saatiin kalusto siirretty\u00e4 varastoon Humppilaan, jonne apteekkari Sarjanto oli saanut apteekkioikeuden 1940 korvaukseksi menetetyst\u00e4 apteekistaan. V. 1948 siirrytty\u00e4\u00e4n Hauholle asensi h\u00e4n t\u00e4m\u00e4n entisen Vuoksenrannan kaluston apteekkiinsa. Vuoksenrannan apteekkitalo pysyi verraten siistin\u00e4 ven\u00e4l\u00e4isten hallussa, jostatakin syyst\u00e4 eiv\u00e4t voineet keskusl\u00e4mmityst\u00e4 k\u00e4ytt\u00e4\u00e4. Apteekkikalustosta oli kyll\u00e4 irroitettu kaikki metalliosat ja pikkulaatikoita l\u00f6ytyi pitkin pit\u00e4j\u00e4\u00e4. N\u00e4in oli lyhyt Vuoksenrannan apteekin historia.<\/p>\n\n\n\n<p>Muistelimme mieheni kanssa usein sit\u00e4 lyhytt\u00e4 aikaa, jonka olimme siell\u00e4 ja rakensimme innostuneina pienen Karjalan pit\u00e4j\u00e4n ensimm\u00e4ist\u00e4 apteekkia. Hyv\u00e4 siell\u00e4 olisi ollut olla, ihmiset yst\u00e4v\u00e4llisi\u00e4 ja vieraanvaraisia. Mieheni Kaarlo Sarjanto kuoli Hauholla 1962.<\/p>\n\n\n\n<figure class=\"wp-block-image size-large\"><img loading=\"lazy\" width=\"229\" height=\"323\" src=\"http:\/\/www.taljansuku.com\/tss\/wp-content\/uploads\/2020\/06\/SarjantoKaarlo01.jpg\" alt=\"\" class=\"wp-image-668\" srcset=\"http:\/\/www.taljansuku.com\/tss\/wp-content\/uploads\/2020\/06\/SarjantoKaarlo01.jpg 229w, http:\/\/www.taljansuku.com\/tss\/wp-content\/uploads\/2020\/06\/SarjantoKaarlo01-213x300.jpg 213w\" sizes=\"(max-width: 229px) 100vw, 229px\" \/><\/figure>\n\n\n\n<p><strong>Kuva 1:<\/strong> Vuoksenrannan ensimm\u00e4inen ja viimeinen apteekkari Kaarlo Sarjanto \/<a rel=\"noreferrer noopener\" href=\"https:\/\/www.luovutettukarjala.fi\/pitajat\/pitajaliitteet\/antrea_vuoksenr.pdf\" target=\"_blank\">1<\/a>\/.<\/p>\n\n\n\n<div class=\"wp-block-group tietoikkuna\"><div class=\"wp-block-group__inner-container\">\n<h2>Tietoikkuna<\/h2>\n\n\n\n<h4>Apteekki kartalla<\/h4>\n\n\n\n<figure class=\"wp-block-image size-large\"><img src=\"https:\/\/mapservices.navici.com\/karjalankartat\/wms?apikey=4NIgWBON5qRTx8ePtDbQNR0YojJkhlFB&amp;SRS=EPSG%3A2394&amp;LAYERS=karjalankartat%3Atopo20k_group&amp;STYLES=&amp;FORMAT=image%2Fjpeg&amp;TILED=true&amp;SERVICE=WMS&amp;VERSION=1.1.1&amp;REQUEST=GetMap&amp;EXCEPTIONS=application%2Fvnd.ogc.se_inimage&amp;BBOX=4471500,6750000,4473500,6751000&amp;WIDTH=1024&amp;HEIGHT=512\" alt=\"\"\/><figcaption>Kuva 2: Vuoksenrannan apteekki sijaitsi pappilan vieress\u00e4 H\u00e4rkkorpeen menev\u00e4n tien varrella noin 800 m kirkosta it\u00e4\u00e4n. Kartassa n\u00e4kyy Antreasta (karttasana &#8221;Vuota&#8221; vierest\u00e4) tuleva tie, joka jatkuu Taljalaan ja Kaskiselk\u00e4\u00e4n (karttasanan &#8221;Kankaala&#8221; vieress\u00e4). H\u00e4rkkorven tien erkanee Antreasta tulevasta tiest\u00e4 kirkon pohjoispuolella. \/7\/<\/figcaption><\/figure>\n\n\n\n<p>Nykyisin apteekin ja pappilan tontit j\u00e4\u00e4v\u00e4t kirkon taakaa kulkevan rautatien toiselle puolelle. Nykytilanne ilmenee uuteen v\u00e4lilehteen avautuvasta <a rel=\"noreferrer noopener\" href=\"https:\/\/www.google.fi\/maps\/place\/60%C2%B051'47.9%22N+29%C2%B029'46.9%22E\/@60.8615147,29.4858717,1506m\/data=!3m1!1e3!4m5!3m4!1s0x0:0x0!8m2!3d60.8633!4d29.49637\" target=\"_blank\">kartasta<\/a> \/8\/.<\/p>\n\n\n\n<h4>Apteekkari<\/h4>\n\n\n\n<p>Apteekkari Kaarlo Sarjanto oli Vuoksenrannan apteekin apteekkihaltijakirjan saadessaan 35 vuotias. H\u00e4n oli syntynyt Viipurissa 3 &#8211; 5.10.1902. H\u00e4nen vanhempansa olivat Karl Sederholm ja Liisi Sederholm. H\u00e4n oli naimisissa Kurkijoelta syntyisin olevan Lyyli Sarjannon (1900 &#8211; 1987)  kanssa. Lyyli Sarjanto kirjoitti aikanaan yll\u00e4 olevan artikkelin. Heill\u00e4 oli 3 lasta. Kaarlo Sarjanko kuoli 3.12.1962 Hauholla. \/<a rel=\"noreferrer noopener\" href=\"https:\/\/www.geni.com\/people\/Kaarlo-Bertil-Sarjanto\/6000000088259061912\" target=\"_blank\">5<\/a>\/<\/p>\n\n\n\n<h4>Kalusto ja sen valmistaja<\/h4>\n\n\n\n<p>Apteekin loimukoivukalusto, johon kuuluu muun muassa k\u00e4\u00e4rmekuvioitu tiski, on valmistettu aikoinaan Kuopiossa Lihtamon puusep\u00e4ntehtaassa. Kalusto on k\u00e4yt\u00f6ss\u00e4 edelleen (2020) Hauhon apteekissa. Kalustosta on n\u00e4ht\u00e4viss\u00e4 pieni kulma viitteess\u00e4 \/<a rel=\"noreferrer noopener\" href=\"https:\/\/keski-hame.fi\/pitajat\/hauhon-itsenainen-apteekki-taytti-100-vuotta-20395\" target=\"_blank\">2<\/a>\/ sek\u00e4 lis\u00e4\u00e4 viitteiss\u00e4 \/<a rel=\"noreferrer noopener\" href=\"https:\/\/www.hauhonapteekki.fi\/apteekkipalvelut\" target=\"_blank\">3<\/a>\/ ja \/<a rel=\"noreferrer noopener\" href=\"https:\/\/www.hameensanomat.fi\/kanta-hame\/hauholaiset-jarkyttyivat-lakkautussuunnitelmasta-140407\/\" target=\"_blank\">4<\/a>\/.<\/p>\n\n\n\n<p><strong>Lihtamon Puusepp\u00e4tehdas<\/strong> \/<a rel=\"noreferrer noopener\" href=\"https:\/\/www.porssitieto.fi\/osake\/lisaaln.html\" target=\"_blank\">6<\/a>\/:<\/p>\n\n\n\n<ul><li>Perustettu 1945<\/li><li>Lakkautettu 1952<\/li><li>Tiedot<ul><li><em>Luokitus:<\/em> 71.842. Huonekalujen ja sisustuspuusep\u00e4ntuotteiden valmistus<\/li><li><em>Osoite:<\/em> Vuorikatu 40 Kuopio. <\/li><li><em>Osakkeet:<\/em> 48 osaketta \u00e0 25.000 mk. Kalle Oskar Lihtamo (v:een 1935 Lindh, 1891\u20131964, ) 44 (my\u00f6h. 75) %, Arvo Juslin 31 %. <\/li><li><em>Lakkautus:<\/em> Oy:n toiminta lopetettiin 30.6.1951, vuosihaaste yhti\u00f6n purkamista varten 30.7.1951. <\/li><\/ul><\/li><li>Edelt\u00e4j\u00e4: 1932 perustettu t:mi Osk. Lindh&#8217;in Puusepp\u00e4liike.<\/li><li>Seuraaja: 1951 perustettu t:mi Puusep\u00e4nliike Osk. Lihtamo, nyky\u00e4\u00e4n lakkautettu. <\/li><\/ul>\n\n\n\n<p>Edell\u00e4 olevan perusteella kaluston olisi toimittanut Lihtamon Puusepp\u00e4tehtaan edelt\u00e4j\u00e4 t:mi Osk. Lindh&#8217;in Puusepp\u00e4liike.<\/p>\n<\/div><\/div>\n\n\n\n<p class=\"lahdeluettelo\">L\u00e4hteet:<\/p>\n\n\n\n<ol class=\"lahdeluettelo\"><li><a href=\"https:\/\/www.luovutettukarjala.fi\/pitajat\/pitajaliitteet\/antrea_vuoksenr.pdf\">https:\/\/www.luovutettukarjala.fi\/pitajat\/pitajaliitteet\/antrea_vuoksenr.pdf<\/a>, viitattu 20.6.2020<\/li><li><a rel=\"noreferrer noopener\" href=\"https:\/\/keski-hame.fi\/pitajat\/hauhon-itsenainen-apteekki-taytti-100-vuotta-20395\" target=\"_blank\">https:\/\/keski-hame.fi\/pitajat\/hauhon-itsenainen-apteekki-taytti-100-vuotta-20395<\/a>, viitattu 30.8.2020<\/li><li><a rel=\"noreferrer noopener\" href=\"https:\/\/www.hauhonapteekki.fi\/apteekkipalvelut\" target=\"_blank\">https:\/\/www.hauhonapteekki.fi\/apteekkipalvelut<\/a>, viitattu 30.8.2020<\/li><li><a rel=\"noreferrer noopener\" href=\"https:\/\/www.hameensanomat.fi\/kanta-hame\/hauholaiset-jarkyttyivat-lakkautussuunnitelmasta-140407\/\" target=\"_blank\">https:\/\/www.hameensanomat.fi\/kanta-hame\/hauholaiset-jarkyttyivat-lakkautussuunnitelmasta-140407\/<\/a>, viitattu 30.8.2020<\/li><li><a rel=\"noreferrer noopener\" href=\"https:\/\/www.geni.com\/people\/Kaarlo-Bertil-Sarjanto\/6000000088259061912\" target=\"_blank\">https:\/\/www.geni.com\/people\/Kaarlo-Bertil-Sarjanto\/6000000088259061912<\/a>, viitattu 30.8.2020<\/li><li><a rel=\"noreferrer noopener\" href=\"https:\/\/www.porssitieto.fi\/osake\/lisaaln.html\" target=\"_blank\">https:\/\/www.porssitieto.fi\/osake\/lisaaln.html<\/a>, viitattu 2.9.2020<\/li><li><a href=\"https:\/\/www.karjalankartat.fi\" target=\"_blank\" rel=\"noreferrer noopener\">https:\/\/www.karjalankartat.fi<\/a>, viitattu 4.9.2020<\/li><li><a rel=\"noreferrer noopener\" href=\"https:\/\/www.google.fi\/maps\" target=\"_blank\">https:\/\/www.google.fi\/maps<\/a>, viitattu 4.9.2020<\/li><\/ol>\n\n\n\n<p><\/p>\n","protected":false},"excerpt":{"rendered":"<p>Lyyli Sarjanto Jukaistu l\u00e4hteess\u00e4 Luovutettu Karjala, pit\u00e4j\u00e4liitteet \u201dKARJALAN N:o 9 \u2013 1970 LIITE (4)&#8221; sivulla 5 \/1\/ Vuoksenrannan kunta oli useiden anomusten j\u00e4lkeen saanut valtioneuvostolta oikeuden perustaa pit\u00e4j\u00e4\u00e4n apteekin. V. 1937 jouluk. 2 pn\u00e4 sai apteekkihaltijakirjan proviisori Kaarlo Sarjanto, velvoituksella avata apteekki vuoden kuluessa Vuoksenrannan kirkonkyl\u00e4\u00e4n. Kun ei ollut sopivaa huoneistoa, avattiin apteekki v\u00e4liaikaisesti Hugo [&hellip;]<\/p>\n","protected":false},"author":2,"featured_media":0,"parent":663,"menu_order":2,"comment_status":"closed","ping_status":"closed","template":"","meta":[],"_links":{"self":[{"href":"http:\/\/www.taljansuku.com\/tss\/wp-json\/wp\/v2\/pages\/666"}],"collection":[{"href":"http:\/\/www.taljansuku.com\/tss\/wp-json\/wp\/v2\/pages"}],"about":[{"href":"http:\/\/www.taljansuku.com\/tss\/wp-json\/wp\/v2\/types\/page"}],"author":[{"embeddable":true,"href":"http:\/\/www.taljansuku.com\/tss\/wp-json\/wp\/v2\/users\/2"}],"replies":[{"embeddable":true,"href":"http:\/\/www.taljansuku.com\/tss\/wp-json\/wp\/v2\/comments?post=666"}],"version-history":[{"count":34,"href":"http:\/\/www.taljansuku.com\/tss\/wp-json\/wp\/v2\/pages\/666\/revisions"}],"predecessor-version":[{"id":1000,"href":"http:\/\/www.taljansuku.com\/tss\/wp-json\/wp\/v2\/pages\/666\/revisions\/1000"}],"up":[{"embeddable":true,"href":"http:\/\/www.taljansuku.com\/tss\/wp-json\/wp\/v2\/pages\/663"}],"wp:attachment":[{"href":"http:\/\/www.taljansuku.com\/tss\/wp-json\/wp\/v2\/media?parent=666"}],"curies":[{"name":"wp","href":"https:\/\/api.w.org\/{rel}","templated":true}]}}