{"id":75,"date":"2020-02-16T12:17:04","date_gmt":"2020-02-16T12:17:04","guid":{"rendered":"http:\/\/www.taljansuku.com\/tss\/?page_id=75"},"modified":"2020-08-29T18:40:08","modified_gmt":"2020-08-29T16:40:08","slug":"etusivu","status":"publish","type":"page","link":"http:\/\/www.taljansuku.com\/tss\/","title":{"rendered":"Etusivu"},"content":{"rendered":"\n<p>Tervetuloa Taljan Sukuseura ry:n sivustolle!<\/p>\n\n\n\n<svg width=\"1100\" height=\"50\">\n  <g transform=\"translate(0,0)\">\n     <text id=\"TextElement\" x=\"0\" y=\"0\" style=\"font-family:Verdana;font-size:32; \" visibility:hidden=\"\" fill=\"#EE1C25\" font-weight=\"900\"> \n        <set attributeName=\"visibility\" attributeType=\"CSS\" to=\"visible\" begin=\"1s\" dur=\"5s\" fill=\"freeze\"><\/set>\n        <animateMotion path=\"M 1000 25 L -1200 25\" begin=\"1s\" dur=\"25s\" repeatCount=\"indefinite\" fill=\"freeze\"><\/animateMotion>\n     <\/text> \n  <\/g> \n  Valitan &#8211; Selaimesi ei tue t\u00e4ss\u00e4 olevaa toimintoa!\n<\/svg>\n\n\n\n<h4>Teht\u00e4v\u00e4mme<\/h4>\n\n\n\n<p> Sukuseuran tarkoituksena on selvitt\u00e4\u00e4 suvun vaiheita ja historiaa, vaalia suvun  perinteit\u00e4 ja edist\u00e4\u00e4 yhteenkuuluvuuden tunnetta j\u00e4sentens\u00e4 keskuudessa. <\/p>\n\n\n\n<h4>Kannakselta l\u00e4ht\u00f6isin<\/h4>\n\n\n\n<p>Suku on l\u00e4ht\u00f6isin Keski-Kannakselta. Kantatalo on mit\u00e4 todenn\u00e4k\u00f6isimmin sijainnut  Vuoksenrannan pit\u00e4j\u00e4ss\u00e4 Taljalan kyl\u00e4n peltoaukealla l\u00e4hell\u00e4 Vuoksea.<\/p>\n\n\n\n<h4>Yhdysside<\/h4>\n\n\n\n<p>T\u00e4n\u00e4 p\u00e4iv\u00e4n\u00e4 sukumme on sijoittunut ymp\u00e4ri Suomen. Yhteinen historia luo meille yhteenkuluvaisuuden tunnetta. Sivuston tavoitteena on sek\u00e4 kerrytt\u00e4\u00e4 ett\u00e4 jakaa tietoutta. Yhdess\u00e4 saamme aikaan monipuolisen kokonaisuuden. Sivustoltamme l\u00f6yd\u00e4t tietoa suvustamme, sukuseurastamme ja asuinalueesta Kannaksella, eryisesti Vuoksenrannan ja Antrean pit\u00e4jist\u00e4.<\/p>\n\n\n\n<p>El\u00e4mme t\u00e4ss\u00e4 p\u00e4iv\u00e4ss\u00e4. <strong><a rel=\"noreferrer noopener\" aria-label=\"Toiminta ja tapahtumat (avautuu uudessa v\u00e4lilehdess\u00e4)\" href=\"http:\/\/www.taljansuku.com\/tss\/ajankohtaista\/\" target=\"_blank\">Toiminta ja tapahtumat<\/a><\/strong> ovat aktiivisesti esill\u00e4. Nostamme esiin sukuseuramme toiminnan lis\u00e4ksi Taljan suvun asuinaluiden pit\u00e4j\u00e4seurojen toimintaa, samoin samalla alueella asuneiden sukujen toimintaa. Yhdess\u00e4 toimien pystymme tarjoamaan laajemman kattauksen tapahtumia, esimerkiksi yhteisi\u00e4 matkoja Kannakselle.<\/p>\n\n\n\n<h4>Olemme osa karjalaista yhteis\u00f6\u00e4 ja kulttuuriperint\u00f6\u00e4<\/h4>\n\n\n\n<p>Kannakselaisena sukuna olemme osa karjalaista yhteis\u00f6\u00e4 ja kulttuuriperint\u00f6\u00e4.  Teht\u00e4v\u00e4n\u00e4mme on vaalia suvun perinteit\u00e4 ja siirt\u00e4\u00e4 niit\u00e4 seuraaville sukupolville. Sukuseurana kuulumme <a rel=\"noreferrer noopener\" aria-label=\"Karjalaisten Sukuyhteis\u00f6jen Liitto ry (avautuu uudessa v\u00e4lilehdess\u00e4)\" href=\"https:\/\/www.karjalanliitto.fi\/karjalan-liitto\/jasenyhteisot\/piiri-ja-liittoyhdistykset\/karjalaisten-sukuyhteisojen-liitto-ry.html\" target=\"_blank\">Karjalaisten Sukuyhteis\u00f6jen Liitto ry<\/a><a href=\"https:\/\/www.karjalanliitto.fi\/karjalan-liitto\/jasenyhteisot\/piiri-ja-liittoyhdistykset\/karjalaisten-sukuyhteisojen-liitto-ry.html\">:<\/a>n kautta   <a rel=\"noreferrer noopener\" href=\"https:\/\/www.karjalanliitto.fi\/\" target=\"_blank\">Karjalan Liitto ry<\/a>:n. Yhdess\u00e4 osana karjalaista yhteis\u00f6\u00e4 pystymme hoitamaan karjalaisuuden vaalimista huomattavasti paremmin kuin yksin. <\/p>\n\n\n\n<h4>Liity Taljan Sukuseuran Facebook-ryhm\u00e4\u00e4n!<\/h4>\n\n\n\n<p>Taljan Sukuseuralla on <a rel=\"noreferrer noopener\" aria-label=\"Facebook-sivut (avautuu uudessa v\u00e4lilehdess\u00e4)\" href=\"https:\/\/www.facebook.com\/groups\/269516806822174\/?fref=nf\" target=\"_blank\">Facebook-ryhm\u00e4<\/a>. &#8211; K\u00e4y tutustumassa.<\/p>\n\n\n","protected":false},"excerpt":{"rendered":"<p>Tervetuloa Taljan Sukuseura ry:n sivustolle! Valitan &#8211; Selaimesi ei tue t\u00e4ss\u00e4 olevaa toimintoa! Teht\u00e4v\u00e4mme Sukuseuran tarkoituksena on selvitt\u00e4\u00e4 suvun vaiheita ja historiaa, vaalia suvun perinteit\u00e4 ja edist\u00e4\u00e4 yhteenkuuluvuuden tunnetta j\u00e4sentens\u00e4 keskuudessa. Kannakselta l\u00e4ht\u00f6isin Suku on l\u00e4ht\u00f6isin Keski-Kannakselta. Kantatalo on mit\u00e4 todenn\u00e4k\u00f6isimmin sijainnut Vuoksenrannan pit\u00e4j\u00e4ss\u00e4 Taljalan kyl\u00e4n peltoaukealla l\u00e4hell\u00e4 Vuoksea. Yhdysside T\u00e4n\u00e4 p\u00e4iv\u00e4n\u00e4 sukumme on sijoittunut [&hellip;]<\/p>\n","protected":false},"author":2,"featured_media":0,"parent":0,"menu_order":0,"comment_status":"closed","ping_status":"closed","template":"","meta":[],"_links":{"self":[{"href":"http:\/\/www.taljansuku.com\/tss\/wp-json\/wp\/v2\/pages\/75"}],"collection":[{"href":"http:\/\/www.taljansuku.com\/tss\/wp-json\/wp\/v2\/pages"}],"about":[{"href":"http:\/\/www.taljansuku.com\/tss\/wp-json\/wp\/v2\/types\/page"}],"author":[{"embeddable":true,"href":"http:\/\/www.taljansuku.com\/tss\/wp-json\/wp\/v2\/users\/2"}],"replies":[{"embeddable":true,"href":"http:\/\/www.taljansuku.com\/tss\/wp-json\/wp\/v2\/comments?post=75"}],"version-history":[{"count":44,"href":"http:\/\/www.taljansuku.com\/tss\/wp-json\/wp\/v2\/pages\/75\/revisions"}],"predecessor-version":[{"id":707,"href":"http:\/\/www.taljansuku.com\/tss\/wp-json\/wp\/v2\/pages\/75\/revisions\/707"}],"wp:attachment":[{"href":"http:\/\/www.taljansuku.com\/tss\/wp-json\/wp\/v2\/media?parent=75"}],"curies":[{"name":"wp","href":"https:\/\/api.w.org\/{rel}","templated":true}]}}